{"id":16605,"date":"2026-04-24T14:33:21","date_gmt":"2026-04-24T12:33:21","guid":{"rendered":"https:\/\/www.purpan.fr\/?page_id=16605"},"modified":"2026-04-29T11:22:59","modified_gmt":"2026-04-29T09:22:59","slug":"fermaval-cahier-des-charges-n1-activite-3","status":"publish","type":"page","link":"https:\/\/www.purpan.fr\/en\/programme-europeen\/fermaval-cahier-des-charges-n1-activite-3\/","title":{"rendered":"FERMAVAL &#8211; Cahier des charges n\u00b01 \u2013 Activit\u00e9 3"},"content":{"rendered":"\n<div class=\"wp-block-getwid-section\"><div class=\"wp-block-getwid-section__wrapper\"><div class=\"wp-block-getwid-section__inner-wrapper\"><div class=\"wp-block-getwid-section__background-holder\"><div class=\"wp-block-getwid-section__background has-background has-blanc-background-color\"><\/div><div class=\"wp-block-getwid-section__foreground\"><\/div><\/div><div class=\"wp-block-getwid-section__content\"><div class=\"wp-block-getwid-section__inner-content\">\n<div class=\"wp-block-columns is-layout-flex wp-container-core-columns-is-layout-9d6595d7 wp-block-columns-is-layout-flex\">\n<div class=\"wp-block-column is-layout-flow wp-block-column-is-layout-flow\">\n<h2 class=\"wp-block-heading\">Pr\u00e9sentation du projet FERMAVAL<\/h2>\n\n\n\n<p>Comment transformer des mati\u00e8res premi\u00e8res aujourd\u2019hui sous-utilis\u00e9es en opportunit\u00e9s \u00e9conomiques durables pour les fili\u00e8res agroalimentaires locales ?&nbsp;<\/p>\n\n\n\n<p>C\u2019est le d\u00e9fi port\u00e9 par&nbsp;<strong>FERMAVAL<\/strong>, un projet europ\u00e9en financ\u00e9 par le programme&nbsp;<strong>POCTEFA<\/strong>, qui a pour ambition de d\u00e9velopper des solutions innovantes autour de la valorisation des coproduits agricoles et agroalimentaires, en particulier par la&nbsp;<strong>fermentation<\/strong>.&nbsp;<\/p>\n\n\n\n<p>Ce projet transfrontalier associe des partenaires fran\u00e7ais et espagnols issus de la recherche, de l\u2019innovation alimentaire, du d\u00e9veloppement territorial et de l\u2019accompagnement des entreprises. Il intervient sur les territoires de l\u2019Occitanie, du Pays basque (France et Espagne) et de la Catalogne.&nbsp;<\/p>\n\n\n\n<p>Dans un contexte de transition alimentaire et de mont\u00e9e en puissance des enjeux li\u00e9s \u00e0 la&nbsp;<strong>sobri\u00e9t\u00e9 des ressources, \u00e0 la r\u00e9duction du gaspillage et \u00e0 la cr\u00e9ation de valeur locale<\/strong>, la fermentation appara\u00eet comme un levier particuli\u00e8rement int\u00e9ressant. Elle permet de transformer des coproduits ou mati\u00e8res sous-valoris\u00e9es (lactos\u00e9rum, fruits et l\u00e9gumes d\u00e9class\u00e9s, l\u00e9gumineuses, c\u00e9r\u00e9ales\u2026) en produits alimentaires \u00e0 plus forte valeur ajout\u00e9e.&nbsp;<\/p>\n\n\n\n<p>FERMAVAL explore ainsi le d\u00e9veloppement de nouvelles g\u00e9n\u00e9rations de produits ferment\u00e9s :&nbsp;<\/p>\n\n\n\n<p>&#8211; Boissons ferment\u00e9es&nbsp;&nbsp;<br>&#8211; Produits ferment\u00e9s solides<br>&#8211; Produits hybrides associant ressources v\u00e9g\u00e9tales et laiti\u00e8res&nbsp;&nbsp;<\/p>\n\n\n\n<p>Ces innovations r\u00e9pondent \u00e0 des attentes fortes du march\u00e9 en mati\u00e8re de&nbsp;<strong>naturalit\u00e9, sant\u00e9, go\u00fbt, durabilit\u00e9 et r\u00e9duction de l\u2019impact environnemental<\/strong>.&nbsp;<\/p>\n\n\n\n<p>Au-del\u00e0 de la recherche et du d\u00e9veloppement produit, FERMAVAL est un projet&nbsp;<strong>collaboratif et op\u00e9rationnel<\/strong>, qui vise \u00e0 connecter les acteurs de la recherche et les entreprises agroalimentaires afin de faciliter l\u2019\u00e9mergence de nouvelles opportunit\u00e9s \u00e9conomiques et de nouveaux march\u00e9s.&nbsp;<\/p>\n\n\n\n<p>Le projet s\u2019adresse ainsi aux producteurs, transformateurs et PME agroalimentaires&nbsp;souhaitant :&nbsp;<\/p>\n\n\n\n<p>&#8211; Valoriser des coproduits ou mati\u00e8res peu exploit\u00e9es<br>&#8211; Exp\u00e9rimenter de nouveaux produits ferment\u00e9s<br>&#8211; Acc\u00e9der \u00e0 des march\u00e9s \u00e9mergents<br>&#8211; B\u00e9n\u00e9ficier d\u2019un accompagnement scientifique et technique&nbsp;&nbsp;<\/p>\n\n\n\n<p>Dans ce cadre, FERMAVAL mobilise des comp\u00e9tences compl\u00e9mentaires en :&nbsp;<br><br>&#8211; Recherche et innovation en technologie alimentaire<br>&#8211; D\u00e9veloppement de produits et exp\u00e9rimentation<br>&#8211; Analyse de march\u00e9 et marketing agroalimentaire<br>&#8211; D\u00e9veloppement territorial et transfert de connaissances&nbsp;<\/p>\n<\/div>\n\n\n\n<div class=\"wp-block-column is-layout-flow wp-block-column-is-layout-flow\">\n<figure class=\"wp-block-image size-large\"><img decoding=\"async\" width=\"1024\" height=\"211\" src=\"https:\/\/www.purpan.fr\/wp-content\/uploads\/2026\/04\/Design-sans-titre-9-1024x211.png\" alt=\"\" class=\"wp-image-16659\" srcset=\"https:\/\/www.purpan.fr\/wp-content\/uploads\/2026\/04\/Design-sans-titre-9-1024x211.png 1024w, https:\/\/www.purpan.fr\/wp-content\/uploads\/2026\/04\/Design-sans-titre-9-300x62.png 300w, https:\/\/www.purpan.fr\/wp-content\/uploads\/2026\/04\/Design-sans-titre-9-768x158.png 768w, https:\/\/www.purpan.fr\/wp-content\/uploads\/2026\/04\/Design-sans-titre-9-1536x317.png 1536w, https:\/\/www.purpan.fr\/wp-content\/uploads\/2026\/04\/Design-sans-titre-9-2048x422.png 2048w\" sizes=\"(max-width: 1024px) 100vw, 1024px\" \/><\/figure>\n\n\n\n<figure class=\"wp-block-image size-large\"><img decoding=\"async\" width=\"1024\" height=\"683\" src=\"https:\/\/www.purpan.fr\/wp-content\/uploads\/2026\/04\/Fermaval-Group-Picture-1024x683.jpg\" alt=\"\" class=\"wp-image-16606\" srcset=\"https:\/\/www.purpan.fr\/wp-content\/uploads\/2026\/04\/Fermaval-Group-Picture-1024x683.jpg 1024w, https:\/\/www.purpan.fr\/wp-content\/uploads\/2026\/04\/Fermaval-Group-Picture-300x200.jpg 300w, https:\/\/www.purpan.fr\/wp-content\/uploads\/2026\/04\/Fermaval-Group-Picture-768x512.jpg 768w, https:\/\/www.purpan.fr\/wp-content\/uploads\/2026\/04\/Fermaval-Group-Picture-1536x1024.jpg 1536w, https:\/\/www.purpan.fr\/wp-content\/uploads\/2026\/04\/Fermaval-Group-Picture-2048x1365.jpg 2048w\" sizes=\"(max-width: 1024px) 100vw, 1024px\" \/><\/figure>\n<\/div>\n<\/div>\n<\/div><\/div><\/div><\/div><\/div>\n\n\n\n<div class=\"wp-block-getwid-section has-background-color-yellow has-height-undefined\"><div class=\"wp-block-getwid-section__wrapper\"><div class=\"wp-block-getwid-section__inner-wrapper\"><div class=\"wp-block-getwid-section__background-holder\"><div class=\"wp-block-getwid-section__background has-background has-jaune-background-color\"><\/div><div class=\"wp-block-getwid-section__foreground\"><\/div><\/div><div class=\"wp-block-getwid-section__content\"><div class=\"wp-block-getwid-section__inner-content\">\n<div class=\"wp-block-columns is-layout-flex wp-container-core-columns-is-layout-9d6595d7 wp-block-columns-is-layout-flex\">\n<div class=\"wp-block-column is-layout-flow wp-block-column-is-layout-flow\">\n<figure class=\"wp-block-image size-large\"><img decoding=\"async\" width=\"1024\" height=\"683\" src=\"https:\/\/www.purpan.fr\/wp-content\/uploads\/2026\/02\/1012_PURPAN_G233495-1024x683.jpg\" alt=\"\" class=\"wp-image-16055\" srcset=\"https:\/\/www.purpan.fr\/wp-content\/uploads\/2026\/02\/1012_PURPAN_G233495-1024x683.jpg 1024w, https:\/\/www.purpan.fr\/wp-content\/uploads\/2026\/02\/1012_PURPAN_G233495-300x200.jpg 300w, https:\/\/www.purpan.fr\/wp-content\/uploads\/2026\/02\/1012_PURPAN_G233495-768x512.jpg 768w, https:\/\/www.purpan.fr\/wp-content\/uploads\/2026\/02\/1012_PURPAN_G233495-1536x1024.jpg 1536w, https:\/\/www.purpan.fr\/wp-content\/uploads\/2026\/02\/1012_PURPAN_G233495-2048x1365.jpg 2048w\" sizes=\"(max-width: 1024px) 100vw, 1024px\" \/><\/figure>\n<\/div>\n\n\n\n<div class=\"wp-block-column is-layout-flow wp-block-column-is-layout-flow\">\n<h2 class=\"wp-block-heading\">Objectif de la consultation<\/h2>\n\n\n\n<p><strong>Objectif 1<\/strong>\u202f:&nbsp;identifier et livrer une liste de contacts d\u2019entreprises commercialisant des mati\u00e8res premi\u00e8res potentiellement utilisables pour la fermentation, et une liste de contacts d\u2019entreprises commercialisant des produits ferment\u00e9s, avec leurs coordonn\u00e9es sur leur p\u00e9rim\u00e8tre g\u00e9ographique.&nbsp;<\/p>\n\n\n\n<p><strong>Objectif 2<\/strong>\u202f:&nbsp;pr\u00e9s\u00e9lectionner&nbsp;une liste&nbsp;d\u2019acteurs&nbsp;int\u00e9ress\u00e9s&nbsp;par le projet FERMAVAL, \u00e0 partir de l\u2019objectif 1.&nbsp;<\/p>\n\n\n\n<p><strong>Objectif 3<\/strong>\u202f:&nbsp;r\u00e9aliser&nbsp;des&nbsp;relev\u00e9s en magasins&nbsp;afin d\u2019identifier&nbsp;et de faire remonter&nbsp;les produits ferment\u00e9s pr\u00e9sents sur le march\u00e9 (supermarch\u00e9s, hypermarch\u00e9s,&nbsp;magasins de proximit\u00e9).&nbsp;<\/p>\n<\/div>\n<\/div>\n<\/div><\/div><\/div><\/div><\/div>\n\n\n\n<div class=\"wp-block-getwid-section\"><div class=\"wp-block-getwid-section__wrapper\"><div class=\"wp-block-getwid-section__inner-wrapper\"><div class=\"wp-block-getwid-section__background-holder\"><div class=\"wp-block-getwid-section__background\"><\/div><div class=\"wp-block-getwid-section__foreground\"><\/div><\/div><div class=\"wp-block-getwid-section__content\"><div class=\"wp-block-getwid-section__inner-content\">\n<div class=\"wp-block-columns is-layout-flex wp-container-core-columns-is-layout-9d6595d7 wp-block-columns-is-layout-flex\">\n<div class=\"wp-block-column is-layout-flow wp-block-column-is-layout-flow\">\n<h2 class=\"wp-block-heading\">Missions<\/h2>\n\n\n\n<p>Les&nbsp;prestataires&nbsp;retenus seront amen\u00e9s \u00e0 :&nbsp;<\/p>\n\n\n\n<p>&#8211; Participer \u00e0 un point de lancement afin de s\u2019approprier les objectifs, le p\u00e9rim\u00e8tre de l\u2019\u00e9tude et la m\u00e9thodologie commune<br>&#8211; Contribuer \u00e0 l\u2019adaptation et \u00e0 la finalisation des outils de collecte (questionnaire en ligne, guide d\u2019entretien semi-directif)<br>&#8211; R\u00e9aliser une collecte de donn\u00e9es aupr\u00e8s d\u2019acteurs des fili\u00e8res (producteurs, transformateurs, distributeurs, structures d\u2019accompagnement) portant notamment sur les mati\u00e8res premi\u00e8res disponibles et utilis\u00e9es pour la fermentation, les produits ferment\u00e9s d\u00e9velopp\u00e9s ou en cours de d\u00e9veloppement, les organisations et relations entre acteurs de la fili\u00e8re<br>&#8211; Alimenter la base de donn\u00e9es commune du projet (collecte, consolidation et transmission des donn\u00e9es terrain selon un format harmonis\u00e9)<br>&#8211; Participer aux temps d\u2019\u00e9change collectifs (r\u00e9unions et webinaires) afin de partager les r\u00e9sultats&nbsp;<\/p>\n<\/div>\n\n\n\n<div class=\"wp-block-column is-layout-flow wp-block-column-is-layout-flow\">\n<figure class=\"wp-block-image size-large\"><img decoding=\"async\" width=\"1024\" height=\"576\" src=\"https:\/\/www.purpan.fr\/wp-content\/uploads\/2026\/04\/PIE6601-1024x576.jpg\" alt=\"\" class=\"wp-image-16611\" srcset=\"https:\/\/www.purpan.fr\/wp-content\/uploads\/2026\/04\/PIE6601-1024x576.jpg 1024w, https:\/\/www.purpan.fr\/wp-content\/uploads\/2026\/04\/PIE6601-300x169.jpg 300w, https:\/\/www.purpan.fr\/wp-content\/uploads\/2026\/04\/PIE6601-768x432.jpg 768w, https:\/\/www.purpan.fr\/wp-content\/uploads\/2026\/04\/PIE6601-1536x864.jpg 1536w, https:\/\/www.purpan.fr\/wp-content\/uploads\/2026\/04\/PIE6601-2048x1152.jpg 2048w\" sizes=\"(max-width: 1024px) 100vw, 1024px\" \/><\/figure>\n<\/div>\n<\/div>\n<\/div><\/div><\/div><\/div><\/div>\n\n\n\n<div class=\"wp-block-getwid-section has-background-color-green has-height-undefined\"><div class=\"wp-block-getwid-section__wrapper\"><div class=\"wp-block-getwid-section__inner-wrapper\"><div class=\"wp-block-getwid-section__background-holder\"><div class=\"wp-block-getwid-section__background has-background has-vert-bleu-background-color\"><\/div><div class=\"wp-block-getwid-section__foreground\"><\/div><\/div><div class=\"wp-block-getwid-section__content\"><div class=\"wp-block-getwid-section__inner-content\">\n<div class=\"wp-block-columns is-layout-flex wp-container-core-columns-is-layout-9d6595d7 wp-block-columns-is-layout-flex\">\n<div class=\"wp-block-column is-layout-flow wp-block-column-is-layout-flow\">\n<figure class=\"wp-block-image size-large\"><img decoding=\"async\" width=\"1024\" height=\"576\" src=\"https:\/\/www.purpan.fr\/wp-content\/uploads\/2026\/04\/PIA29A1-1024x576.jpg\" alt=\"\" class=\"wp-image-16612\" srcset=\"https:\/\/www.purpan.fr\/wp-content\/uploads\/2026\/04\/PIA29A1-1024x576.jpg 1024w, https:\/\/www.purpan.fr\/wp-content\/uploads\/2026\/04\/PIA29A1-300x169.jpg 300w, https:\/\/www.purpan.fr\/wp-content\/uploads\/2026\/04\/PIA29A1-768x432.jpg 768w, https:\/\/www.purpan.fr\/wp-content\/uploads\/2026\/04\/PIA29A1-1536x864.jpg 1536w, https:\/\/www.purpan.fr\/wp-content\/uploads\/2026\/04\/PIA29A1-2048x1152.jpg 2048w\" sizes=\"(max-width: 1024px) 100vw, 1024px\" \/><\/figure>\n<\/div>\n\n\n\n<div class=\"wp-block-column is-layout-flow wp-block-column-is-layout-flow\">\n<h2 class=\"wp-block-heading\">Livrables attendus<\/h2>\n\n\n\n<p>Les&nbsp;prestataires&nbsp;contribueront \u00e0 la production de :&nbsp;<\/p>\n\n\n\n<p><strong>Pour l\u2019objectif 1&nbsp;et 2<\/strong>\u202f:&nbsp;saisir dans la base de donn\u00e9es\u202f:&nbsp;<br><br>&#8211; Une liste de contacts d\u2019entreprises commercialisant des mati\u00e8res premi\u00e8res potentiellement utilisables pour la fermentation. Informations \u00e0 collecter\u202f:&nbsp;d\u00e9nomination sociale,&nbsp;coordonn\u00e9es,&nbsp;type de mati\u00e8re premi\u00e8re,&nbsp;volume&nbsp;disponible,&nbsp;int\u00e9r\u00eat pour l\u2019innovation et le projet FERMAVAL.<br>&#8211; Une liste de contacts d\u2019entreprises commercialisant des produits ferment\u00e9s.&nbsp;Informations \u00e0 collecter\u202f:&nbsp;d\u00e9nomination sociale, coordonn\u00e9es,&nbsp;gamme commercialis\u00e9e,&nbsp;volume et valeur,&nbsp;int\u00e9r\u00eat pour l\u2019innovation et le projet FERMAVAL.&nbsp;<\/p>\n\n\n\n<p><strong>Pour l\u2019objectif 3<\/strong>\u202f:&nbsp;la saisie dans la base de donn\u00e9es&nbsp;des informations produit relev\u00e9s en magasins.&nbsp;<br><br>&#8211; La liste des informations&nbsp;\u00e0 relever par produit&nbsp;figure en annexe&nbsp;1.&nbsp;<br>&#8211; 40 magasins seront \u00e0&nbsp;visiter&nbsp;par zone g\u00e9ographique. Une zone g\u00e9ographique correspond \u00e0 un d\u00e9partement&nbsp;ou \u00e9quivalent.&nbsp;D\u00e9partements concern\u00e9s\u202f: Haute-Garonne, Ari\u00e8ge, Hautes-Pyr\u00e9n\u00e9es, Pyr\u00e9n\u00e9es-Orientales,&nbsp;Pyr\u00e9n\u00e9es-Atlantiques, Catalogne&nbsp;espagnole,&nbsp;Pays-basque espagnol.&nbsp;<\/p>\n\n\n\n<p>Les&nbsp;candidats&nbsp;peuvent r\u00e9pondre uniquement aux objectifs 1 et 2, uniquement \u00e0 l\u2019objectif 3, ou \u00e0 l\u2019ensemble des objectifs.&nbsp;<\/p>\n\n\n\n<p><strong>Profil recherch\u00e9<\/strong>&nbsp;<\/p>\n\n\n\n<p>Les&nbsp;structures candidates devront :<br><br>&#8211; Avoir une exp\u00e9rience dans l&#8217;accompagnement des acteurs des&nbsp;fili\u00e8res&nbsp;agricoles&nbsp;et agroalimentaires, id\u00e9alement en lien avec les produits ferment\u00e9s<br>&#8211; Disposer de comp\u00e9tences en enqu\u00eate de terrain (entretiens, collecte de donn\u00e9es)<br>&#8211; Avoir une bonne connaissance des dynamiques territoriales&nbsp;et des acteurs&nbsp;agricoles et alimentaires<br>&#8211; \u00catre en capacit\u00e9&nbsp;de mobiliser un r\u00e9seau d\u2019acteurs locaux&nbsp;&nbsp;<\/p>\n\n\n\n<p><strong>Modalit\u00e9s de candidature<\/strong>&nbsp;<\/p>\n\n\n\n<p>Le dossier de candidature devra comprendre :<br><br>&#8211; Une pr\u00e9sentation de la structure<br>&#8211; Une reformulation de la compr\u00e9hension de la mission<br>&#8211; La m\u00e9thodologie propos\u00e9e&nbsp;(approche technique de la prestation et des comp\u00e9tences mises en&nbsp;\u0153uvre)<br>&#8211; Une proposition financi\u00e8re&nbsp;par&nbsp;objectif, pour&nbsp;la&nbsp;r\u00e9alisation&nbsp;de l\u2019objectif&nbsp;1&nbsp;et 2, pour la r\u00e9alisation de l\u2019objectif 3<br>&#8211; Un calendrier des d\u00e9lais de r\u00e9alisation<br>&#8211; Des r\u00e9f\u00e9rences ou exp\u00e9riences similaires&nbsp;&nbsp;<\/p>\n\n\n\n<p><strong>Crit\u00e8res de s\u00e9lection&nbsp;du candidat<\/strong>&nbsp;<\/p>\n\n\n\n<p>&#8211; Missions&nbsp;en lien avec les acteurs locaux ou capacit\u00e9 \u00e0 les mobiliser\u202f:&nbsp;40%<br>&#8211; M\u00e9thode&nbsp;technique d\u2019enqu\u00eate et comp\u00e9tences mises en&nbsp;\u0153uvre\u202f:&nbsp;20%<br>&#8211; \u00c9l\u00e9ments&nbsp;financiers\u202f:&nbsp;40%&nbsp;<\/p>\n\n\n\n<p>Les structures int\u00e9ress\u00e9es sont invit\u00e9es \u00e0 transmettre leur candidature par mail \u00e0 :&nbsp;<strong>shagi.dubedat@purpan.fr<\/strong>&nbsp;avant le \u202f<strong>29.05.2026<\/strong>.&nbsp;<\/p>\n<\/div>\n<\/div>\n<\/div><\/div><\/div><\/div><\/div>\n\n\n\n<div class=\"wp-block-getwid-section\"><div class=\"wp-block-getwid-section__wrapper\"><div class=\"wp-block-getwid-section__inner-wrapper\"><div class=\"wp-block-getwid-section__background-holder\"><div class=\"wp-block-getwid-section__background\"><\/div><div class=\"wp-block-getwid-section__foreground\"><\/div><\/div><div class=\"wp-block-getwid-section__content\"><div class=\"wp-block-getwid-section__inner-content\">\n<p><em>Le projet FERMAVAL a \u00e9t\u00e9 cofinanc\u00e9 \u00e0 65% par l&#8217;Union europ\u00e9enne \u00e0 travers le Programme Interreg VI-A Espagne-France-Andorre (POCTEFA 2021-2027). L&#8217;objectif de POCTEFA est de renforcer l&#8217;int\u00e9gration \u00e9conomique et sociale de la zone frontali\u00e8re Espagne-France-Andorre.<\/em>&nbsp;<\/p>\n\n\n<div class=\"wp-block-image\">\n<figure class=\"aligncenter size-large is-resized\"><img decoding=\"async\" width=\"1024\" height=\"120\" src=\"https:\/\/www.purpan.fr\/wp-content\/uploads\/2026\/04\/FERMAVAL_Logos-footer-2-1024x120.png\" alt=\"\" class=\"wp-image-16609\" style=\"aspect-ratio:8.53431436384946;width:1259px;height:auto\" srcset=\"https:\/\/www.purpan.fr\/wp-content\/uploads\/2026\/04\/FERMAVAL_Logos-footer-2-1024x120.png 1024w, https:\/\/www.purpan.fr\/wp-content\/uploads\/2026\/04\/FERMAVAL_Logos-footer-2-300x35.png 300w, https:\/\/www.purpan.fr\/wp-content\/uploads\/2026\/04\/FERMAVAL_Logos-footer-2-768x90.png 768w, https:\/\/www.purpan.fr\/wp-content\/uploads\/2026\/04\/FERMAVAL_Logos-footer-2-1536x181.png 1536w, https:\/\/www.purpan.fr\/wp-content\/uploads\/2026\/04\/FERMAVAL_Logos-footer-2-2048x241.png 2048w\" sizes=\"(max-width: 1024px) 100vw, 1024px\" \/><\/figure>\n<\/div><\/div><\/div><\/div><\/div><\/div>\n","protected":false},"excerpt":{"rendered":"","protected":false},"author":5,"featured_media":0,"parent":1460,"menu_order":1,"comment_status":"closed","ping_status":"closed","template":"","meta":{"inline_featured_image":false,"footnotes":""},"class_list":["post-16605","page","type-page","status-publish","hentry"],"_links":{"self":[{"href":"https:\/\/www.purpan.fr\/en\/wp-json\/wp\/v2\/pages\/16605","targetHints":{"allow":["GET"]}}],"collection":[{"href":"https:\/\/www.purpan.fr\/en\/wp-json\/wp\/v2\/pages"}],"about":[{"href":"https:\/\/www.purpan.fr\/en\/wp-json\/wp\/v2\/types\/page"}],"author":[{"embeddable":true,"href":"https:\/\/www.purpan.fr\/en\/wp-json\/wp\/v2\/users\/5"}],"replies":[{"embeddable":true,"href":"https:\/\/www.purpan.fr\/en\/wp-json\/wp\/v2\/comments?post=16605"}],"version-history":[{"count":9,"href":"https:\/\/www.purpan.fr\/en\/wp-json\/wp\/v2\/pages\/16605\/revisions"}],"predecessor-version":[{"id":16660,"href":"https:\/\/www.purpan.fr\/en\/wp-json\/wp\/v2\/pages\/16605\/revisions\/16660"}],"up":[{"embeddable":true,"href":"https:\/\/www.purpan.fr\/en\/wp-json\/wp\/v2\/pages\/1460"}],"wp:attachment":[{"href":"https:\/\/www.purpan.fr\/en\/wp-json\/wp\/v2\/media?parent=16605"}],"curies":[{"name":"wp","href":"https:\/\/api.w.org\/{rel}","templated":true}]}}